{"id":10534,"date":"2011-04-14T18:03:42","date_gmt":"2011-04-14T18:03:42","guid":{"rendered":"http:\/\/www.rubenpirola.com\/?page_id=13"},"modified":"2024-06-10T19:16:16","modified_gmt":"2024-06-10T22:16:16","slug":"tarea-legislativa","status":"publish","type":"page","link":"https:\/\/rubenpirola.com\/nuevo\/tarea-legislativa\/","title":{"rendered":"Mi Tarea Legislativa"},"content":{"rendered":"<p><strong>Designado<br \/>\n<\/strong>L\u00edder del Bloque Justicialista 2024<br \/>\n<span style=\"font-weight: 400;\">Presidente Provisional del Senado, electo por mis pares en el a\u00f1o 2013, reelecto de\u00a0 manera consecutiva y un\u00e1nime hasta el 2023<\/span><br \/>\n<strong><br \/>\nEn relaci\u00f3n a las comisiones legislativas que integro son las siguientes:<br \/>\n<\/strong><strong>COMISIONES PERMANENTES:<\/strong><br \/>\n&#8211; Asuntos Constitucionales y Legislaci\u00f3n General<br \/>\n&#8211; Presupuesto y Hacienda<br \/>\n&#8211; Educaci\u00f3n, Ciencia, Tecnolog\u00eda e Innovaci\u00f3n<br \/>\n&#8211; Obras y Servicios P\u00fablicos<br \/>\n&#8211; H\u00e1bitat<br \/>\n&#8211; Econom\u00eda, Agricultura, Ganader\u00eda, Industria, Comercio y Turismo<br \/>\n&#8211; Comercio Exterior<br \/>\n&#8211; Relaciones Internacionales y Culto<br \/>\n&#8211; Gesti\u00f3n y Administraci\u00f3n<\/p>\n<p><strong>COMISIONES BICAMERALES:<\/strong><br \/>\n&#8211; De Acuerdos de la Asamblea Legislativa<br \/>\n&#8211; Parlamentaria Conjunta de la Regi\u00f3n Centro (suplente)<br \/>\n&#8211; Consejo Provincial de Seguridad Vial<br \/>\n&#8211; Fondo Electrificaci\u00f3n Rural<br \/>\n&#8211; Comisi\u00f3n Legislativa de Control y Revisora de Cuentas<br \/>\n&#8211; Obras Menores<\/p>\n<p><strong><strong>M\u00e1s Informaci\u00f3n:<br \/>\nSi te interesa informaci\u00f3n detallada sobre los aportes realizados, desde <a href=\"https:\/\/rubenpirola.com\/nuevo\/aportes-y-subsidios\/\">aqu\u00ed.<\/a><br \/>\n<\/strong><br \/>\nSi necesitas informaci\u00f3n ampliada sobre el estado parlamentario o el texto completo de alguno de los proyectos presentados, no dudes en enviarnos un mensaje v\u00eda WhatsApp al +54 9 3425 39-0021 \u00a0y a la brevedad te respondemos.<\/strong><\/p>\n<p>Tambi\u00e9n pod\u00e9s contactar utilizando este formulario.<\/p>\n\n<div class=\"wpcf7 no-js\" id=\"wpcf7-f14974-o1\" lang=\"es-ES\" dir=\"ltr\" data-wpcf7-id=\"14974\">\n<div class=\"screen-reader-response\"><p role=\"status\" aria-live=\"polite\" aria-atomic=\"true\"><\/p> <ul><\/ul><\/div>\n<form action=\"\/nuevo\/wp-json\/wp\/v2\/pages\/10534#wpcf7-f14974-o1\" method=\"post\" class=\"wpcf7-form init\" aria-label=\"Formulario de contacto\" novalidate=\"novalidate\" data-status=\"init\">\n<fieldset class=\"hidden-fields-container\"><input type=\"hidden\" name=\"_wpcf7\" value=\"14974\" \/><input type=\"hidden\" name=\"_wpcf7_version\" value=\"6.1.5\" \/><input type=\"hidden\" name=\"_wpcf7_locale\" value=\"es_ES\" \/><input type=\"hidden\" name=\"_wpcf7_unit_tag\" value=\"wpcf7-f14974-o1\" \/><input type=\"hidden\" name=\"_wpcf7_container_post\" value=\"0\" \/><input type=\"hidden\" name=\"_wpcf7_posted_data_hash\" value=\"\" \/>\n<\/fieldset>\n<div class=\"row align-items-center\">\n\t<div class=\"col-sm-6\">\n\t\t<p><label for=\"nombre\">Nombre:<\/label><span class=\"wpcf7-form-control-wrap\" data-name=\"nombre\"><input size=\"40\" maxlength=\"400\" class=\"wpcf7-form-control wpcf7-text wpcf7-validates-as-required form-control\" id=\"nombre\" aria-required=\"true\" aria-invalid=\"false\" placeholder=\"Nombre y apellido\" value=\"\" type=\"text\" name=\"nombre\" \/><\/span>\n\t\t<\/p>\n\t<\/div>\n\t<div class=\"col-sm-6\">\n\t\t<p><label for=\"localidad\">Instituci\u00f3n:<\/label><span class=\"wpcf7-form-control-wrap\" data-name=\"localidad\"><input size=\"40\" maxlength=\"400\" class=\"wpcf7-form-control wpcf7-text wpcf7-validates-as-required form-control\" id=\"localidad\" aria-required=\"true\" aria-invalid=\"false\" placeholder=\"Localidad\" value=\"\" type=\"text\" name=\"localidad\" \/><\/span>\n\t\t<\/p>\n\t<\/div>\n\t<div class=\"col-sm-6\">\n\t\t<p><label for=\"femail\">Email:<\/label><span class=\"wpcf7-form-control-wrap\" data-name=\"femail\"><input size=\"40\" maxlength=\"400\" class=\"wpcf7-form-control wpcf7-email wpcf7-validates-as-required wpcf7-text wpcf7-validates-as-email form-control\" id=\"femail\" aria-required=\"true\" aria-invalid=\"false\" placeholder=\"Mail de contacto\" value=\"\" type=\"email\" name=\"femail\" \/><\/span>\n\t\t<\/p>\n\t<\/div>\n\t<div class=\"col-sm-6\">\n\t\t<p><label for=\"ftel\">Tel\u00e9fono:<\/label><span class=\"wpcf7-form-control-wrap\" data-name=\"ftel\"><input size=\"40\" maxlength=\"400\" class=\"wpcf7-form-control wpcf7-tel wpcf7-validates-as-required wpcf7-text wpcf7-validates-as-tel form-control\" id=\"ftel\" aria-required=\"true\" aria-invalid=\"false\" placeholder=\"Tel\u00e9fono de Contacto\" value=\"\" type=\"tel\" name=\"ftel\" \/><\/span>\n\t\t<\/p>\n\t<\/div>\n<\/div>\n<div class=\"row align-items-end\">\n\t<div class=\"col-sm-9\">\n\t\t<p><label for=\"mensaje\">Mensaje:<\/label><span class=\"wpcf7-form-control-wrap\" data-name=\"mensaje\"><textarea cols=\"40\" rows=\"10\" maxlength=\"2000\" class=\"wpcf7-form-control wpcf7-textarea wpcf7-validates-as-required form-control\" id=\"mensaje\" aria-required=\"true\" aria-invalid=\"false\" placeholder=\"Mensaje\" name=\"mensaje\"><\/textarea><\/span>\n\t\t<\/p>\n\t<\/div>\n\t<div class=\"col-sm-3\">\n\t\t<p><input class=\"wpcf7-form-control wpcf7-submit has-spinner btn btn-lg btn-primary\" type=\"submit\" value=\"Enviar\" \/>\n\t\t<\/p>\n\t<\/div>\n<\/div><div class=\"wpcf7-response-output\" aria-hidden=\"true\"><\/div>\n<\/form>\n<\/div>\n\n<p>&nbsp;<\/p>\n<p>&nbsp;<\/p>\n<p>&nbsp;<\/p>\n","protected":false},"excerpt":{"rendered":"<p>Designado L\u00edder del Bloque Justicialista 2024 Presidente Provisional del Senado, electo por mis pares en el a\u00f1o 2013, reelecto de\u00a0&nbsp;<\/p>\n","protected":false},"author":1,"featured_media":0,"parent":0,"menu_order":0,"comment_status":"open","ping_status":"open","template":"","meta":{"_acf_changed":false,"_joinchat":[],"footnotes":""},"class_list":["post-10534","page","type-page","status-publish","hentry"],"acf":[],"_links":{"self":[{"href":"https:\/\/rubenpirola.com\/nuevo\/wp-json\/wp\/v2\/pages\/10534","targetHints":{"allow":["GET"]}}],"collection":[{"href":"https:\/\/rubenpirola.com\/nuevo\/wp-json\/wp\/v2\/pages"}],"about":[{"href":"https:\/\/rubenpirola.com\/nuevo\/wp-json\/wp\/v2\/types\/page"}],"author":[{"embeddable":true,"href":"https:\/\/rubenpirola.com\/nuevo\/wp-json\/wp\/v2\/users\/1"}],"replies":[{"embeddable":true,"href":"https:\/\/rubenpirola.com\/nuevo\/wp-json\/wp\/v2\/comments?post=10534"}],"version-history":[{"count":9,"href":"https:\/\/rubenpirola.com\/nuevo\/wp-json\/wp\/v2\/pages\/10534\/revisions"}],"predecessor-version":[{"id":15187,"href":"https:\/\/rubenpirola.com\/nuevo\/wp-json\/wp\/v2\/pages\/10534\/revisions\/15187"}],"wp:attachment":[{"href":"https:\/\/rubenpirola.com\/nuevo\/wp-json\/wp\/v2\/media?parent=10534"}],"curies":[{"name":"wp","href":"https:\/\/api.w.org\/{rel}","templated":true}]}}