{"id":7657,"date":"2018-09-09T19:09:25","date_gmt":"2018-09-09T22:09:25","guid":{"rendered":"http:\/\/www.rubenpirola.com\/?page_id=7657"},"modified":"2024-06-08T09:03:25","modified_gmt":"2024-06-08T12:03:25","slug":"casa-del-senado-las-colonias","status":"publish","type":"page","link":"https:\/\/rubenpirola.com\/nuevo\/casa-del-senado-las-colonias\/","title":{"rendered":"Casa del Senado Las Colonias."},"content":{"rendered":"<p>\u201cEn mi b\u00fasqueda permanente de acercar el trabajo que realizo en pos de representar de la mejor manera los intereses de los habitantes de Las Colonias, el poder crear un nuevo espacio de cercan\u00eda y relacionamiento con nuestros vecinos, integrantes de instituciones y titulares de gobiernos locales, es un importante paso hacia la descentralizaci\u00f3n de la C\u00e1mara de Senadores que de esta manera da un paso m\u00e1s hacia una presencia territorial cercana y permanente\u201d<\/p>\n<p>\u201cEl contar con un lugar fijo y muy cercano a nuestras comunidades seguir\u00e1 potenciando esta construcci\u00f3n de trabajo conjunto que propongo desde el inicio en el cargo ya que este lugar de acceso irrestricto para los vecinos de Las Colonias permitir\u00e1 encuentros, debates, capacitaciones que servir\u00e1n para intercambiar conocimientos y experiencias que como hasta el momento nos permiten llevar adelante un modelo \u00fanico de relacionamiento y representaci\u00f3n que genera resultados positivos.\u00a0 En definitiva como queda demostrado con este encuentro reciente, este nuevo enclave en la ciudad cabecera del Departamento, es una decisi\u00f3n\u00a0 de enorme impacto, para seguir trabajando cada vez m\u00e1s cerca de los vecinos de Las Colonias.\u201d<\/p>\n<p><strong>Un espacio abierto a la comunidad:<\/strong><br \/>\nLa Casa del Senado Las Colonias es un espacio abierto a la comunidad en general que puede hacer uso del mismo con la oportuna coordinaci\u00f3n, eventos como talleres de capacitaci\u00f3n para vecinos, reuniones sectoriales, encuentros de trabajo, reuniones de capacitaci\u00f3n e informaci\u00f3n a dirigentes locales y dem\u00e1s actividades podr\u00e1n tener lugar en el espacio que el Senado por intermedio del legislador provincial Rub\u00e9n Pirola dispone para los habitantes de Las Colonias. Los interesados en disponer del lugar podr\u00e1n contactarse por los canales normales para acordar la posibilidad.<\/p>\n<p><strong><br \/>\nAlgunos testimonios:<\/strong><br \/>\n<strong>Intendentes, Presidentes Comunales y Concejales recibieron informaci\u00f3n:<br \/>\n<\/strong>La casi totalidad de los Presidentes Comunales, Intendentes y Concejales de las localidades del Departamento recibieron informaci\u00f3n de primera mano sobre un tema la aplicaci\u00f3n de la Ley Provincial N\u00b0 13.751 conocida como Ley de Endeudamiento.<\/p>\n<div id=\"lightgallery\" class=\"single-gallery\"><div class=\"gallery-item\" data-responsive=\"https:\/\/rubenpirola.com\/nuevo\/wp-content\/uploads\/2018\/09\/comunales1-242x300.jpg 375, https:\/\/rubenpirola.com\/nuevo\/wp-content\/uploads\/2018\/09\/comunales1-242x300.jpg 480, https:\/\/rubenpirola.com\/nuevo\/wp-content\/uploads\/2018\/09\/comunales1-242x300.jpg 800\" data-src=\"https:\/\/rubenpirola.com\/nuevo\/wp-content\/uploads\/2018\/09\/comunales1-768x576.jpg\" data-sub-html=\"<h4>Casa del Senado Las Colonias.<\/h4>\"><a href=\"\" class=\"gallery-item-link relative mb-0\"><img decoding=\"async\" class=\"img-responsive\" src=\"https:\/\/rubenpirola.com\/nuevo\/wp-content\/uploads\/2018\/09\/comunales1-242x300.jpg\"><div class=\"over fs32\"><i class=\"fa fa-search c-white\"><\/i><\/div><\/a><\/div><div class=\"gallery-item\" data-responsive=\"https:\/\/rubenpirola.com\/nuevo\/wp-content\/uploads\/2018\/09\/comunales2-300x216.jpg 375, https:\/\/rubenpirola.com\/nuevo\/wp-content\/uploads\/2018\/09\/comunales2-300x216.jpg 480, https:\/\/rubenpirola.com\/nuevo\/wp-content\/uploads\/2018\/09\/comunales2-300x216.jpg 800\" data-src=\"https:\/\/rubenpirola.com\/nuevo\/wp-content\/uploads\/2018\/09\/comunales2-768x576.jpg\" data-sub-html=\"<h4>Casa del Senado Las Colonias.<\/h4>\"><a href=\"\" class=\"gallery-item-link relative mb-0\"><img decoding=\"async\" class=\"img-responsive\" src=\"https:\/\/rubenpirola.com\/nuevo\/wp-content\/uploads\/2018\/09\/comunales2-300x216.jpg\"><div class=\"over fs32\"><i class=\"fa fa-search c-white\"><\/i><\/div><\/a><\/div><div class=\"gallery-item\" data-responsive=\"https:\/\/rubenpirola.com\/nuevo\/wp-content\/uploads\/2018\/09\/comunales3-300x225.jpg 375, https:\/\/rubenpirola.com\/nuevo\/wp-content\/uploads\/2018\/09\/comunales3-300x225.jpg 480, https:\/\/rubenpirola.com\/nuevo\/wp-content\/uploads\/2018\/09\/comunales3-300x225.jpg 800\" data-src=\"https:\/\/rubenpirola.com\/nuevo\/wp-content\/uploads\/2018\/09\/comunales3-768x576.jpg\" data-sub-html=\"<h4>Casa del Senado Las Colonias.<\/h4>\"><a href=\"\" class=\"gallery-item-link relative mb-0\"><img decoding=\"async\" class=\"img-responsive\" src=\"https:\/\/rubenpirola.com\/nuevo\/wp-content\/uploads\/2018\/09\/comunales3-300x225.jpg\"><div class=\"over fs32\"><i class=\"fa fa-search c-white\"><\/i><\/div><\/a><\/div><\/div>\n<p><strong><br \/>\nTaller de Cultura Digital para Adultos Mayores en la Casa del Senado.<\/strong><br \/>\nLa Fundaci\u00f3n Innovar realiz\u00f3 en La Casa del Senado Las Colonias un taller en el que capacit\u00f3 a adultos mayores en el manejo de nuevas tecnolog\u00edas. El taller es abierto a el p\u00fablico en general.<\/p>\n<div id=\"lightgallery\" class=\"single-gallery\"><div class=\"gallery-item\" data-responsive=\"https:\/\/rubenpirola.com\/nuevo\/wp-content\/uploads\/2018\/09\/taller1-300x249.jpg 375, https:\/\/rubenpirola.com\/nuevo\/wp-content\/uploads\/2018\/09\/taller1-300x249.jpg 480, https:\/\/rubenpirola.com\/nuevo\/wp-content\/uploads\/2018\/09\/taller1-300x249.jpg 800\" data-src=\"https:\/\/rubenpirola.com\/nuevo\/wp-content\/uploads\/2018\/09\/taller1-768x576.jpg\" data-sub-html=\"<h4>Casa del Senado Las Colonias.<\/h4>\"><a href=\"\" class=\"gallery-item-link relative mb-0\"><img decoding=\"async\" class=\"img-responsive\" src=\"https:\/\/rubenpirola.com\/nuevo\/wp-content\/uploads\/2018\/09\/taller1-300x249.jpg\"><div class=\"over fs32\"><i class=\"fa fa-search c-white\"><\/i><\/div><\/a><\/div><div class=\"gallery-item\" data-responsive=\"https:\/\/rubenpirola.com\/nuevo\/wp-content\/uploads\/2018\/09\/taller2-300x193.jpg 375, https:\/\/rubenpirola.com\/nuevo\/wp-content\/uploads\/2018\/09\/taller2-300x193.jpg 480, https:\/\/rubenpirola.com\/nuevo\/wp-content\/uploads\/2018\/09\/taller2-300x193.jpg 800\" data-src=\"https:\/\/rubenpirola.com\/nuevo\/wp-content\/uploads\/2018\/09\/taller2-768x576.jpg\" data-sub-html=\"<h4>Casa del Senado Las Colonias.<\/h4>\"><a href=\"\" class=\"gallery-item-link relative mb-0\"><img decoding=\"async\" class=\"img-responsive\" src=\"https:\/\/rubenpirola.com\/nuevo\/wp-content\/uploads\/2018\/09\/taller2-300x193.jpg\"><div class=\"over fs32\"><i class=\"fa fa-search c-white\"><\/i><\/div><\/a><\/div><div class=\"gallery-item\" data-responsive=\"https:\/\/rubenpirola.com\/nuevo\/wp-content\/uploads\/2018\/09\/taller3-300x210.jpg 375, https:\/\/rubenpirola.com\/nuevo\/wp-content\/uploads\/2018\/09\/taller3-300x210.jpg 480, https:\/\/rubenpirola.com\/nuevo\/wp-content\/uploads\/2018\/09\/taller3-300x210.jpg 800\" data-src=\"https:\/\/rubenpirola.com\/nuevo\/wp-content\/uploads\/2018\/09\/taller3-768x576.jpg\" data-sub-html=\"<h4>Casa del Senado Las Colonias.<\/h4>\"><a href=\"\" class=\"gallery-item-link relative mb-0\"><img decoding=\"async\" class=\"img-responsive\" src=\"https:\/\/rubenpirola.com\/nuevo\/wp-content\/uploads\/2018\/09\/taller3-300x210.jpg\"><div class=\"over fs32\"><i class=\"fa fa-search c-white\"><\/i><\/div><\/a><\/div><\/div>\n<p><strong><br \/>\nEl Dr. Luis Niel Puig capacit\u00f3 a integrantes de instituciones del Departamento.<br \/>\n<\/strong>Como una manera m\u00e1s de aportar valor a las instituciones el Dr. Neil Puig en la Casa del Senado Las Colonias brind\u00f3 una importante charla capacitaci\u00f3n.<\/p>\n<div id=\"lightgallery\" class=\"single-gallery\"><div class=\"gallery-item\" data-responsive=\"https:\/\/rubenpirola.com\/nuevo\/wp-content\/uploads\/2018\/09\/neil1-300x225.jpg 375, https:\/\/rubenpirola.com\/nuevo\/wp-content\/uploads\/2018\/09\/neil1-300x225.jpg 480, https:\/\/rubenpirola.com\/nuevo\/wp-content\/uploads\/2018\/09\/neil1-300x225.jpg 800\" data-src=\"https:\/\/rubenpirola.com\/nuevo\/wp-content\/uploads\/2018\/09\/neil1-768x576.jpg\" data-sub-html=\"<h4>Casa del Senado Las Colonias.<\/h4>\"><a href=\"\" class=\"gallery-item-link relative mb-0\"><img decoding=\"async\" class=\"img-responsive\" src=\"https:\/\/rubenpirola.com\/nuevo\/wp-content\/uploads\/2018\/09\/neil1-300x225.jpg\"><div class=\"over fs32\"><i class=\"fa fa-search c-white\"><\/i><\/div><\/a><\/div><div class=\"gallery-item\" data-responsive=\"https:\/\/rubenpirola.com\/nuevo\/wp-content\/uploads\/2018\/09\/neil2-300x225.jpg 375, https:\/\/rubenpirola.com\/nuevo\/wp-content\/uploads\/2018\/09\/neil2-300x225.jpg 480, https:\/\/rubenpirola.com\/nuevo\/wp-content\/uploads\/2018\/09\/neil2-300x225.jpg 800\" data-src=\"https:\/\/rubenpirola.com\/nuevo\/wp-content\/uploads\/2018\/09\/neil2-768x576.jpg\" data-sub-html=\"<h4>Casa del Senado Las Colonias.<\/h4>\"><a href=\"\" class=\"gallery-item-link relative mb-0\"><img decoding=\"async\" class=\"img-responsive\" src=\"https:\/\/rubenpirola.com\/nuevo\/wp-content\/uploads\/2018\/09\/neil2-300x225.jpg\"><div class=\"over fs32\"><i class=\"fa fa-search c-white\"><\/i><\/div><\/a><\/div><div class=\"gallery-item\" data-responsive=\"https:\/\/rubenpirola.com\/nuevo\/wp-content\/uploads\/2018\/09\/neil3-300x169.jpg 375, https:\/\/rubenpirola.com\/nuevo\/wp-content\/uploads\/2018\/09\/neil3-300x169.jpg 480, https:\/\/rubenpirola.com\/nuevo\/wp-content\/uploads\/2018\/09\/neil3-300x169.jpg 800\" data-src=\"https:\/\/rubenpirola.com\/nuevo\/wp-content\/uploads\/2018\/09\/neil3-768x540.jpg\" data-sub-html=\"<h4>Casa del Senado Las Colonias.<\/h4>\"><a href=\"\" class=\"gallery-item-link relative mb-0\"><img decoding=\"async\" class=\"img-responsive\" src=\"https:\/\/rubenpirola.com\/nuevo\/wp-content\/uploads\/2018\/09\/neil3-300x169.jpg\"><div class=\"over fs32\"><i class=\"fa fa-search c-white\"><\/i><\/div><\/a><\/div><\/div>\n<p><strong><br \/>\nEl Colegio de Apicultores recibi\u00f3 certificados de ASSAL Esperanza.<\/strong><br \/>\nLos apicultores pudieron reunirse y recibir el certificado de manipuladores de alimento, en un encuentro que fue un paso m\u00e1s hacia el avance de sus actividades.<\/p>\n<div id=\"lightgallery\" class=\"single-gallery\"><div class=\"gallery-item\" data-responsive=\"https:\/\/rubenpirola.com\/nuevo\/wp-content\/uploads\/2018\/09\/apicul1-300x225.jpeg 375, https:\/\/rubenpirola.com\/nuevo\/wp-content\/uploads\/2018\/09\/apicul1-300x225.jpeg 480, https:\/\/rubenpirola.com\/nuevo\/wp-content\/uploads\/2018\/09\/apicul1-300x225.jpeg 800\" data-src=\"https:\/\/rubenpirola.com\/nuevo\/wp-content\/uploads\/2018\/09\/apicul1-768x576.jpeg\" data-sub-html=\"<h4>Casa del Senado Las Colonias.<\/h4>\"><a href=\"\" class=\"gallery-item-link relative mb-0\"><img decoding=\"async\" class=\"img-responsive\" src=\"https:\/\/rubenpirola.com\/nuevo\/wp-content\/uploads\/2018\/09\/apicul1-300x225.jpeg\"><div class=\"over fs32\"><i class=\"fa fa-search c-white\"><\/i><\/div><\/a><\/div><div class=\"gallery-item\" data-responsive=\"https:\/\/rubenpirola.com\/nuevo\/wp-content\/uploads\/2018\/09\/apicul2-300x225.jpeg 375, https:\/\/rubenpirola.com\/nuevo\/wp-content\/uploads\/2018\/09\/apicul2-300x225.jpeg 480, https:\/\/rubenpirola.com\/nuevo\/wp-content\/uploads\/2018\/09\/apicul2-300x225.jpeg 800\" data-src=\"https:\/\/rubenpirola.com\/nuevo\/wp-content\/uploads\/2018\/09\/apicul2-768x576.jpeg\" data-sub-html=\"<h4>Casa del Senado Las Colonias.<\/h4>\"><a href=\"\" class=\"gallery-item-link relative mb-0\"><img decoding=\"async\" class=\"img-responsive\" src=\"https:\/\/rubenpirola.com\/nuevo\/wp-content\/uploads\/2018\/09\/apicul2-300x225.jpeg\"><div class=\"over fs32\"><i class=\"fa fa-search c-white\"><\/i><\/div><\/a><\/div><div class=\"gallery-item\" data-responsive=\"https:\/\/rubenpirola.com\/nuevo\/wp-content\/uploads\/2018\/09\/apicul3-300x225.jpeg 375, https:\/\/rubenpirola.com\/nuevo\/wp-content\/uploads\/2018\/09\/apicul3-300x225.jpeg 480, https:\/\/rubenpirola.com\/nuevo\/wp-content\/uploads\/2018\/09\/apicul3-300x225.jpeg 800\" data-src=\"https:\/\/rubenpirola.com\/nuevo\/wp-content\/uploads\/2018\/09\/apicul3-768x576.jpeg\" data-sub-html=\"<h4>Casa del Senado Las Colonias.<\/h4>\"><a href=\"\" class=\"gallery-item-link relative mb-0\"><img decoding=\"async\" class=\"img-responsive\" src=\"https:\/\/rubenpirola.com\/nuevo\/wp-content\/uploads\/2018\/09\/apicul3-300x225.jpeg\"><div class=\"over fs32\"><i class=\"fa fa-search c-white\"><\/i><\/div><\/a><\/div><\/div>\n<p><strong><br \/>\nEncuentro con representantes de MeProlSaFe<\/strong><br \/>\nCompartimos una ma\u00f1ana de trabajo conjunto y elaboraci\u00f3n de propuestas con las Diputadas Nacionales Alejandra R\u00f3dena y\u00a0Silvina Frana\u00a0en busca de respuestas y apoyo de los Gobiernos Provincial y Nacional.<\/p>\n<div id=\"lightgallery\" class=\"single-gallery\"><div class=\"gallery-item\" data-responsive=\"https:\/\/rubenpirola.com\/nuevo\/wp-content\/uploads\/2018\/09\/metro1-300x225.jpg 375, https:\/\/rubenpirola.com\/nuevo\/wp-content\/uploads\/2018\/09\/metro1-300x225.jpg 480, https:\/\/rubenpirola.com\/nuevo\/wp-content\/uploads\/2018\/09\/metro1-300x225.jpg 800\" data-src=\"https:\/\/rubenpirola.com\/nuevo\/wp-content\/uploads\/2018\/09\/metro1-768x576.jpg\" data-sub-html=\"<h4>Casa del Senado Las Colonias.<\/h4>\"><a href=\"\" class=\"gallery-item-link relative mb-0\"><img decoding=\"async\" class=\"img-responsive\" src=\"https:\/\/rubenpirola.com\/nuevo\/wp-content\/uploads\/2018\/09\/metro1-300x225.jpg\"><div class=\"over fs32\"><i class=\"fa fa-search c-white\"><\/i><\/div><\/a><\/div><div class=\"gallery-item\" data-responsive=\"https:\/\/rubenpirola.com\/nuevo\/wp-content\/uploads\/2018\/09\/metro2-300x225.jpg 375, https:\/\/rubenpirola.com\/nuevo\/wp-content\/uploads\/2018\/09\/metro2-300x225.jpg 480, https:\/\/rubenpirola.com\/nuevo\/wp-content\/uploads\/2018\/09\/metro2-300x225.jpg 800\" data-src=\"https:\/\/rubenpirola.com\/nuevo\/wp-content\/uploads\/2018\/09\/metro2-768x576.jpg\" data-sub-html=\"<h4>Casa del Senado Las Colonias.<\/h4>\"><a href=\"\" class=\"gallery-item-link relative mb-0\"><img decoding=\"async\" class=\"img-responsive\" src=\"https:\/\/rubenpirola.com\/nuevo\/wp-content\/uploads\/2018\/09\/metro2-300x225.jpg\"><div class=\"over fs32\"><i class=\"fa fa-search c-white\"><\/i><\/div><\/a><\/div><div class=\"gallery-item\" data-responsive=\"https:\/\/rubenpirola.com\/nuevo\/wp-content\/uploads\/2018\/09\/metro3-300x225.jpg 375, https:\/\/rubenpirola.com\/nuevo\/wp-content\/uploads\/2018\/09\/metro3-300x225.jpg 480, https:\/\/rubenpirola.com\/nuevo\/wp-content\/uploads\/2018\/09\/metro3-300x225.jpg 800\" data-src=\"https:\/\/rubenpirola.com\/nuevo\/wp-content\/uploads\/2018\/09\/metro3-768x576.jpg\" data-sub-html=\"<h4>Casa del Senado Las Colonias.<\/h4>\"><a href=\"\" class=\"gallery-item-link relative mb-0\"><img decoding=\"async\" class=\"img-responsive\" src=\"https:\/\/rubenpirola.com\/nuevo\/wp-content\/uploads\/2018\/09\/metro3-300x225.jpg\"><div class=\"over fs32\"><i class=\"fa fa-search c-white\"><\/i><\/div><\/a><\/div><\/div>\n<p>Como se puede observar la casa es un \u00e1mbito de encuentro abierto a toda la sociedad.<\/p>\n<p><span style=\"font-weight: 400;\">Para m\u00e1s informaci\u00f3n o coordinar su uso no dudes en contactar al equipo de manera directa al +54 9 3425 39-0021<\/span><\/p>\n<p><strong>\u00a0<\/strong><\/p>\n","protected":false},"excerpt":{"rendered":"<p>?En mi b\u00fasqueda permanente de acercar el trabajo que realizo en pos de representar de la mejor manera los intereses&nbsp;<\/p>\n","protected":false},"author":1,"featured_media":15049,"parent":0,"menu_order":0,"comment_status":"closed","ping_status":"closed","template":"","meta":{"_acf_changed":false,"_joinchat":[],"footnotes":""},"class_list":["post-7657","page","type-page","status-publish","has-post-thumbnail","hentry"],"acf":[],"_links":{"self":[{"href":"https:\/\/rubenpirola.com\/nuevo\/wp-json\/wp\/v2\/pages\/7657","targetHints":{"allow":["GET"]}}],"collection":[{"href":"https:\/\/rubenpirola.com\/nuevo\/wp-json\/wp\/v2\/pages"}],"about":[{"href":"https:\/\/rubenpirola.com\/nuevo\/wp-json\/wp\/v2\/types\/page"}],"author":[{"embeddable":true,"href":"https:\/\/rubenpirola.com\/nuevo\/wp-json\/wp\/v2\/users\/1"}],"replies":[{"embeddable":true,"href":"https:\/\/rubenpirola.com\/nuevo\/wp-json\/wp\/v2\/comments?post=7657"}],"version-history":[{"count":2,"href":"https:\/\/rubenpirola.com\/nuevo\/wp-json\/wp\/v2\/pages\/7657\/revisions"}],"predecessor-version":[{"id":15154,"href":"https:\/\/rubenpirola.com\/nuevo\/wp-json\/wp\/v2\/pages\/7657\/revisions\/15154"}],"wp:featuredmedia":[{"embeddable":true,"href":"https:\/\/rubenpirola.com\/nuevo\/wp-json\/wp\/v2\/media\/15049"}],"wp:attachment":[{"href":"https:\/\/rubenpirola.com\/nuevo\/wp-json\/wp\/v2\/media?parent=7657"}],"curies":[{"name":"wp","href":"https:\/\/api.w.org\/{rel}","templated":true}]}}